{"id":19576,"date":"2024-09-13T09:20:16","date_gmt":"2024-09-13T07:20:16","guid":{"rendered":"https:\/\/www.apo.com/magazin\/?post_type=ratgeber&#038;p=19576"},"modified":"2026-08-10T21:24:29","modified_gmt":"2026-08-10T19:24:29","slug":"coimbraprotokoll","status":"publish","type":"ratgeber","link":"https:\/\/www.apo.com/magazin\/multiple-sklerose\/therapie\/coimbraprotokoll","title":{"rendered":"Das Coimbraprotokoll bei Multipler Sklerose"},"content":{"rendered":"<p><div class=\"fusion-fullwidth fullwidth-box fusion-builder-row-1 fusion-flex-container nonhundred-percent-fullwidth non-hundred-percent-height-scrolling\" style=\"background-color: rgba(255,255,255,0);background-position: center center;background-repeat: no-repeat;border-width: 0px 0px 0px 0px;border-color:#e2e2e2;border-style:solid;\" ><div class=\"fusion-builder-row fusion-row fusion-flex-align-items-flex-start\" style=\"max-width:1248px;margin-left: calc(-4% \/ 2 );margin-right: calc(-4% \/ 2 );\"><div class=\"fusion-layout-column fusion_builder_column fusion-builder-column-0 fusion_builder_column_1_1 1_1 fusion-flex-column\"><div class=\"fusion-column-wrapper fusion-flex-justify-content-flex-start fusion-content-layout-column\" style=\"background-position:left top;background-repeat:no-repeat;-webkit-background-size:cover;-moz-background-size:cover;-o-background-size:cover;background-size:cover;padding: 0px 0px 0px 0px;\"><div class=\"fusion-text fusion-text-1\"><p>Vitamin D ist ein wichtiges Vitamin, das unter anderem zur Erhaltung normaler Knochen und zu einer normalen Funktion des Immunsystems beitr\u00e4gt. Aktuelle Forschungsergebnisse legen nahe, dass hohe Dosen von Vitamin D auch in der Behandlung von Autoimmunerkrankungen wie Multipler Sklerose (MS) eingesetzt werden k\u00f6nnten. Eine Studie an der Universit\u00e4tsklinik Charit\u00e9 Berlin untersucht derzeit die Wirkung dieser speziellen Therapie. Im Mittelpunkt steht das sogenannte Coimbraprotokoll \u2013 eine \u00e4rztlich \u00fcberwachte Behandlungsmethode, die extrem hohe Dosen von Vitamin D in Kombination mit weiteren unterst\u00fctzenden Ma\u00dfnahmen einsetzt. Erfahren Sie hier mehr \u00fcber die Grundlagen des Coimbraprotokolls, seine Kernbestandteile und wie es m\u00f6glicherweise bei der Behandlung von MS helfen k\u00f6nnte.<\/p>\n<p style=\"font-size: 14px; line-height: 1.55; color: #636366; margin: 0;\"><em><strong>Wichtiger Hinweis:<\/strong> Dieser Artikel dient ausschlie\u00dflich der neutralen Information \u00fcber das Coimbraprotokoll. Er stellt keine medizinische Beratung, Empfehlung oder Bewerbung dieser Methode dar. Eine Anwendung darf unter keinen Umst\u00e4nden ohne medizinische Begleitung erfolgen, da exzessive Vitamin-D-Dosen ohne engmaschige Kontrolle lebensgef\u00e4hrliche Nebenwirkungen haben k\u00f6nnen. Bitte konsultieren Sie immer Ihre behandelnde Neurologin oder Ihren behandelnden Neurologen, bevor Sie Therapieanpassungen vornehmen.<\/em><\/p>\n<\/div><\/div><style type=\"text\/css\">.fusion-body .fusion-builder-column-0{width:100% !important;margin-top : 0px;margin-bottom : 20px;}.fusion-builder-column-0 > .fusion-column-wrapper {padding-top : 0px !important;padding-right : 0px !important;margin-right : 1.92%;padding-bottom : 0px !important;padding-left : 0px !important;margin-left : 1.92%;}@media only screen and (max-width:1024px) {.fusion-body .fusion-builder-column-0{width:100% !important;order : 0;}.fusion-builder-column-0 > .fusion-column-wrapper {margin-right : 1.92%;margin-left : 1.92%;}}@media only screen and (max-width:640px) {.fusion-body .fusion-builder-column-0{width:100% !important;order : 0;}.fusion-builder-column-0 > .fusion-column-wrapper {margin-right : 1.92%;margin-left : 1.92%;}}<\/style><\/div><\/div><style type=\"text\/css\">.fusion-body .fusion-flex-container.fusion-builder-row-1{ padding-top : 0px;margin-top : 0px;padding-right : 0px;padding-bottom : 0px;margin-bottom : 0px;padding-left : 0px;}<\/style><\/div><div class=\"fusion-fullwidth fullwidth-box fusion-builder-row-2 fusion-flex-container nonhundred-percent-fullwidth non-hundred-percent-height-scrolling\" style=\"background-color: rgba(255,255,255,0);background-position: center center;background-repeat: no-repeat;border-width: 0px 0px 0px 0px;border-color:#e2e2e2;border-style:solid;\" ><div class=\"fusion-builder-row fusion-row fusion-flex-align-items-flex-start\" style=\"max-width:1248px;margin-left: calc(-4% \/ 2 );margin-right: calc(-4% \/ 2 );\"><div class=\"fusion-layout-column fusion_builder_column fusion-builder-column-1 fusion_builder_column_1_1 1_1 fusion-flex-column\"><div class=\"fusion-column-wrapper fusion-flex-justify-content-flex-start fusion-content-layout-column\" style=\"background-position:left top;background-repeat:no-repeat;-webkit-background-size:cover;-moz-background-size:cover;-o-background-size:cover;background-size:cover;padding: 0px 0px 0px 0px;\"><div class=\"fusion-text fusion-text-2\"><p><strong>Inhaltsverzeichnis<\/strong><\/p>\n<ul>\n<li><a href=\"#was-ist-das-coimbraprotokoll\">Was ist das Coimbraprotokoll?<\/a><\/li>\n<li><a href=\"#verbindung-ms-vitamin-d\">Die Verbindung zwischen MS und Vitamin D<\/a><\/li>\n<li><a href=\"#ziele-des-coimbraprotokolls\">Ziele des Coimbraprotokolls<\/a><\/li>\n<li><a href=\"#wissenschaftliche-beweise\">Gibt es wissenschaftliche Beweise?<\/a><\/li>\n<li><a href=\"#kosten-coimbraprotokoll\">Wer tr\u00e4gt die Kosten f\u00fcr das Coimbraprotokoll?<\/a><\/li>\n<li><a href=\"#haeufige-fragen-coimbraprotokoll\">H\u00e4ufige Fragen zum Coimbraprotokoll<\/a><\/li>\n<\/ul>\n<\/div><\/div><style type=\"text\/css\">.fusion-body .fusion-builder-column-1{width:100% !important;margin-top : 0px;margin-bottom : 20px;}.fusion-builder-column-1 > .fusion-column-wrapper {padding-top : 0px !important;padding-right : 0px !important;margin-right : 1.92%;padding-bottom : 0px !important;padding-left : 0px !important;margin-left : 1.92%;}@media only screen and (max-width:1024px) {.fusion-body .fusion-builder-column-1{width:100% !important;order : 0;}.fusion-builder-column-1 > .fusion-column-wrapper {margin-right : 1.92%;margin-left : 1.92%;}}@media only screen and (max-width:640px) {.fusion-body .fusion-builder-column-1{width:100% !important;order : 0;}.fusion-builder-column-1 > .fusion-column-wrapper {margin-right : 1.92%;margin-left : 1.92%;}}<\/style><\/div><\/div><style type=\"text\/css\">.fusion-body .fusion-flex-container.fusion-builder-row-2{ padding-top : 0px;margin-top : 0px;padding-right : 0px;padding-bottom : 0px;margin-bottom : 0px;padding-left : 0px;}<\/style><\/div><div class=\"fusion-fullwidth fullwidth-box fusion-builder-row-3 fusion-flex-container nonhundred-percent-fullwidth non-hundred-percent-height-scrolling\" style=\"background-color: #01063f;background-position: center center;background-repeat: no-repeat;border-width: 0px 0px 0px 0px;border-color:#e2e2e2;border-style:solid;\" ><div class=\"fusion-builder-row fusion-row fusion-flex-align-items-flex-start\" style=\"max-width:1248px;margin-left: calc(-4% \/ 2 );margin-right: calc(-4% \/ 2 );\"><div class=\"fusion-layout-column fusion_builder_column fusion-builder-column-2 fusion_builder_column_1_1 1_1 fusion-flex-column\"><div class=\"fusion-column-wrapper fusion-flex-justify-content-flex-start fusion-content-layout-column\" style=\"background-position:left top;background-repeat:no-repeat;-webkit-background-size:cover;-moz-background-size:cover;-o-background-size:cover;background-size:cover;background-color:#f4f4f4;padding: 20px 40px 20px 40px;\"><div class=\"fusion-text fusion-text-3\"><h2>Das Wichtigste in K\u00fcrze<\/h2>\n<ul>\n<li>Das Coimbraprotokoll basiert auf der Annahme, dass ein Vitamin-D-Mangel oder eine Vitamin-D-Resistenz bei Autoimmunerkrankungen eine Rolle spielen.<\/li>\n<li>Ziel des Coimbraprotokolls ist es, durch sehr hohe Dosen von Vitamin D3 eine Remission (R\u00fcckgang von Krankheitssymptomen) bei MS und anderen Autoimmunerkrankungen zu erreichen.<\/li>\n<li>Begleitende Ma\u00dfnahmen sind eine kalziumarme Ern\u00e4hrung, eine erh\u00f6hte Fl\u00fcssigkeitszufuhr und strenge \u00e4rztliche \u00dcberwachung.<\/li>\n<li>Die Methode ist wissenschaftlich nicht als Standardtherapie anerkannt und wird von medizinischen Fachgesellschaften aufgrund erheblicher Sicherheitsrisiken kritisch betrachtet.<\/li>\n<li>Da das Protokoll nicht als Standardbehandlung anerkannt ist, m\u00fcssen Patient:innen die Kosten selbst tragen.<\/li>\n<\/ul>\n<\/div><\/div><style type=\"text\/css\">.fusion-body .fusion-builder-column-2{width:100% !important;margin-top : 0px;margin-bottom : 0px;}.fusion-builder-column-2 > .fusion-column-wrapper {padding-top : 20 !important;padding-right : 40 !important;margin-right : 1.92%;padding-bottom : 20 !important;padding-left : 40 !important;margin-left : 1.92%;}@media only screen and (max-width:1024px) {.fusion-body .fusion-builder-column-2{width:100% !important;}.fusion-builder-column-2 > .fusion-column-wrapper {margin-right : 1.92%;margin-left : 1.92%;}}@media only screen and (max-width:640px) {.fusion-body .fusion-builder-column-2{width:100% !important;}.fusion-builder-column-2 > .fusion-column-wrapper {margin-right : 1.92%;margin-left : 1.92%;}}<\/style><\/div><\/div><style type=\"text\/css\">.fusion-body .fusion-flex-container.fusion-builder-row-3{ padding-top : 0px;margin-top : 0px;padding-right : 0px;padding-bottom : 0px;margin-bottom : 0px;padding-left : 0px;}<\/style><\/div><div class=\"fusion-fullwidth fullwidth-box fusion-builder-row-4 fusion-flex-container nonhundred-percent-fullwidth non-hundred-percent-height-scrolling\" style=\"background-color: rgba(255,255,255,0);background-position: center center;background-repeat: no-repeat;border-width: 0px 0px 0px 0px;border-color:#e2e2e2;border-style:solid;\" ><div class=\"fusion-builder-row fusion-row fusion-flex-align-items-flex-start\" style=\"max-width:1248px;margin-left: calc(-4% \/ 2 );margin-right: calc(-4% \/ 2 );\"><div class=\"fusion-layout-column fusion_builder_column fusion-builder-column-3 fusion_builder_column_1_1 1_1 fusion-flex-column\"><div class=\"fusion-column-wrapper fusion-flex-justify-content-flex-start fusion-content-layout-column\" style=\"background-position:left top;background-repeat:no-repeat;-webkit-background-size:cover;-moz-background-size:cover;-o-background-size:cover;background-size:cover;padding: 0px 0px 0px 0px;\"><div class=\"fusion-separator fusion-full-width-sep\" style=\"align-self: center;margin-left: auto;margin-right: auto;margin-top:12px;margin-bottom:12px;width:100%;\"><\/div><div class=\"fusion-text fusion-text-4\"><div id=\"was-ist-das-coimbraprotokoll\">\n<h2>Was ist das Coimbraprotokoll?<\/h2>\n<\/div>\n<p>Das Coimbraprotokoll wurde von Dr. Cicero Galli Coimbra, einem Neurologen aus Brasilien, entwickelt. Das Protokoll basiert auf der Annahme, dass ein <strong>Vitamin-D-Mangel<\/strong> oder eine <strong>Resistenz gegen Vitamin D<\/strong> eine Rolle bei der <strong>Entstehung und dem Verlauf von Autoimmunerkrankungen<\/strong> spielen k\u00f6nnte. Das Protokoll nutzt daher unter anderem extrem hohe Dosen von Vitamin D3 mit dem Ziel, das Immunsystem zu modulieren und so m\u00f6glicherweise die <a href=\"https:\/\/www.apo.com\/magazin\/multiple-sklerose\/symptome\">Symptome von MS<\/a> zu lindern.<\/p>\n<p>Die Kernbestandteile des Coimbraprotokolls umfassen:<\/p>\n<ul>\n<li><strong>Hochdosiertes Vitamin D3:<\/strong> Ein Hauptbestandteil des Protokolls, der das Immunsystem regulieren soll.<\/li>\n<li><strong>Kalziumarme Ern\u00e4hrung:<\/strong> Um eine \u00fcberm\u00e4\u00dfige Kalziumaufnahme und das Risiko einer Hyperkalz\u00e4mie (erh\u00f6hter Kalziumspiegel im Blut) zu vermeiden, ist eine kalziumarme Ern\u00e4hrung notwendig, da hohe Vitamin-D-Dosen die Kalziumaufnahme aus dem Darm deutlich erh\u00f6hen. Dazu geh\u00f6rt die Reduzierung von Milchprodukten, N\u00fcssen und Samen sowie der Verzicht auf gr\u00fcne Smoothies.<\/li>\n<li><strong>Erh\u00f6hte Fl\u00fcssigkeitszufuhr:<\/strong> Das Trinken von mindestens 2,5 Litern unges\u00fc\u00dfter Getr\u00e4nke unterst\u00fctzt die Nierenfunktion und hilft, \u00fcbersch\u00fcssiges Kalzium auszuscheiden.<\/li>\n<li><strong>Regelm\u00e4\u00dfige medizinische \u00dcberwachung und Laborkontrollen:<\/strong> Um die Sicherheit und Effektivit\u00e4t der Behandlung zu gew\u00e4hrleisten.<\/li>\n<li><strong>Lebensstilanpassungen:<\/strong> Dazu geh\u00f6rt eine gesunde Ern\u00e4hrung mit unverarbeiteten Lebensmitteln, wenig einfachen Kohlenhydraten aus Wei\u00dfmehl und Zucker, wenig Alkohol sowie viel frischem Obst und Gem\u00fcse. Regelm\u00e4\u00dfige k\u00f6rperliche Aktivit\u00e4t ist ebenfalls wichtig. Geeignet sind z. B. Ausdauersportarten wie Walking oder moderates Krafttraining. Auch Stresspr\u00e4vention und die F\u00e4higkeit zur Selbstberuhigung spielen eine wesentliche Rolle, die durch Meditation und gegebenenfalls Psychotherapie gef\u00f6rdert werden k\u00f6nnen.<\/li>\n<\/ul>\n<\/div><div class=\"fusion-text fusion-text-5\"><div id=\"verbindung-ms-vitamin-d\">\n<h2>Die Verbindung zwischen MS und Vitamin D<\/h2>\n<\/div>\n<p>Autoimmunerkrankungen entstehen, wenn das Immunsystem des K\u00f6rpers f\u00e4lschlicherweise k\u00f6rpereigenes Gewebe angreift. Bei <a href=\"https:\/\/www.apo.com\/magazin\/multiple-sklerose\">Multipler Sklerose<\/a> greift das Immunsystem die Schutzschicht der Nervenfasern (Myelinschicht) an, was zu verschiedenen neurologischen (das Nervensystem betreffenden) Symptomen f\u00fchren kann. Es ist bekannt, dass ein <strong>Mangel an Vitamin D mit einem erh\u00f6hten Risiko f\u00fcr die Entwicklung und das Fortschreiten von Autoimmunerkrankungen<\/strong> verbunden ist. Dar\u00fcber hinaus gibt es Hinweise darauf, dass bei einem Teil der Menschen mit Autoimmunerkrankungen eine Vitamin-D-Resistenz vorliegt. Das bedeutet, dass Vitamin D in diesen F\u00e4llen m\u00f6glicherweise nicht effektiv im K\u00f6rper wirkt, was im Rahmen entsprechender Hypothesen eine h\u00f6here Dosierung begr\u00fcnden soll.<\/p>\n<\/div><div class=\"fusion-text fusion-text-6\"><div id=\"ziele-des-coimbraprotokolls\">\n<h2>Ziele des Coimbraprotokolls<\/h2>\n<\/div>\n<p>Das \u00fcbergeordnete Ziel des Coimbraprotokolls ist es, <strong>Autoimmunerkrankungen wie MS in eine Remission zu bringen<\/strong>, also in einen Zustand, in dem die Krankheitsaktivit\u00e4t und die Symptome deutlich nachlassen. Durch die Stabilisierung des Immunsystems soll verhindert werden, dass neue Sch\u00fcbe auftreten oder sich die Krankheit intensiviert. Langfristig besteht die Hoffnung, dass durch die Behandlung auch Sch\u00e4den, die durch die Autoimmunreaktion entstanden sind, teilweise r\u00fcckg\u00e4ngig gemacht werden k\u00f6nnen. Patient:innen, die sich in Remission befinden, k\u00f6nnten auf diese Weise ein weitgehend normales Leben f\u00fchren.<\/p>\n<\/div><\/div><style type=\"text\/css\">.fusion-body .fusion-builder-column-3{width:100% !important;margin-top : 0px;margin-bottom : 20px;}.fusion-builder-column-3 > .fusion-column-wrapper {padding-top : 0px !important;padding-right : 0px !important;margin-right : 1.92%;padding-bottom : 0px !important;padding-left : 0px !important;margin-left : 1.92%;}@media only screen and (max-width:1024px) {.fusion-body .fusion-builder-column-3{width:100% !important;order : 0;}.fusion-builder-column-3 > .fusion-column-wrapper {margin-right : 1.92%;margin-left : 1.92%;}}@media only screen and (max-width:640px) {.fusion-body .fusion-builder-column-3{width:100% !important;order : 0;}.fusion-builder-column-3 > .fusion-column-wrapper {margin-right : 1.92%;margin-left : 1.92%;}}<\/style><\/div><\/div><style type=\"text\/css\">.fusion-body .fusion-flex-container.fusion-builder-row-4{ padding-top : 0px;margin-top : 0px;padding-right : 0px;padding-bottom : 0px;margin-bottom : 0px;padding-left : 0px;}<\/style><\/div><div class=\"fusion-fullwidth fullwidth-box fusion-builder-row-5 fusion-flex-container nonhundred-percent-fullwidth non-hundred-percent-height-scrolling\" style=\"background-color: #01063f;background-position: center center;background-repeat: no-repeat;border-width: 0px 0px 0px 0px;border-color:#e2e2e2;border-style:solid;\" ><div class=\"fusion-builder-row fusion-row fusion-flex-align-items-flex-start\" style=\"max-width:1248px;margin-left: calc(-4% \/ 2 );margin-right: calc(-4% \/ 2 );\"><div class=\"fusion-layout-column fusion_builder_column fusion-builder-column-4 fusion_builder_column_1_1 1_1 fusion-flex-column\"><div class=\"fusion-column-wrapper fusion-flex-justify-content-flex-start fusion-content-layout-column\" style=\"background-position:left top;background-repeat:no-repeat;-webkit-background-size:cover;-moz-background-size:cover;-o-background-size:cover;background-size:cover;background-color:#f4f4f4;padding: 20px 40px 20px 40px;\"><div class=\"fusion-text fusion-text-7\"><h3>Gut zu wissen<\/h3>\n<\/div><div class=\"fusion-text fusion-text-8\"><p>Da das Coimbraprotokoll auf sehr hohen Vitamin-D-Dosen basiert, ist es entscheidend, dass die Therapie <strong>unter strenger \u00e4rztlicher Aufsicht<\/strong> erfolgt. Eine m\u00f6gliche Nebenwirkung ist die Hyperkalz\u00e4mie, die durch ver\u00e4nderte Kalziumaufnahme entstehen kann. Um dies zu verhindern, sind eine kalziumarme Ern\u00e4hrung, ausreichende Fl\u00fcssigkeitszufuhr und regelm\u00e4\u00dfige medizinische Kontrollen unerl\u00e4sslich.<\/p>\n<\/div><\/div><style type=\"text\/css\">.fusion-body .fusion-builder-column-4{width:100% !important;margin-top : 0px;margin-bottom : 0px;}.fusion-builder-column-4 > .fusion-column-wrapper {padding-top : 20 !important;padding-right : 40 !important;margin-right : 1.92%;padding-bottom : 20 !important;padding-left : 40 !important;margin-left : 1.92%;}@media only screen and (max-width:1024px) {.fusion-body .fusion-builder-column-4{width:100% !important;}.fusion-builder-column-4 > .fusion-column-wrapper {margin-right : 1.92%;margin-left : 1.92%;}}@media only screen and (max-width:640px) {.fusion-body .fusion-builder-column-4{width:100% !important;}.fusion-builder-column-4 > .fusion-column-wrapper {margin-right : 1.92%;margin-left : 1.92%;}}<\/style><\/div><\/div><style type=\"text\/css\">.fusion-body .fusion-flex-container.fusion-builder-row-5{ padding-top : 0px;margin-top : 0px;padding-right : 0px;padding-bottom : 0px;margin-bottom : 0px;padding-left : 0px;}<\/style><\/div><div class=\"fusion-fullwidth fullwidth-box fusion-builder-row-6 fusion-flex-container nonhundred-percent-fullwidth non-hundred-percent-height-scrolling\" style=\"background-color: rgba(255,255,255,0);background-position: center center;background-repeat: no-repeat;border-width: 0px 0px 0px 0px;border-color:#e2e2e2;border-style:solid;\" ><div class=\"fusion-builder-row fusion-row fusion-flex-align-items-flex-start\" style=\"max-width:1248px;margin-left: calc(-4% \/ 2 );margin-right: calc(-4% \/ 2 );\"><div class=\"fusion-layout-column fusion_builder_column fusion-builder-column-5 fusion_builder_column_1_1 1_1 fusion-flex-column\"><div class=\"fusion-column-wrapper fusion-flex-justify-content-flex-start fusion-content-layout-column\" style=\"background-position:left top;background-repeat:no-repeat;-webkit-background-size:cover;-moz-background-size:cover;-o-background-size:cover;background-size:cover;padding: 0px 0px 0px 0px;\"><div class=\"fusion-separator fusion-full-width-sep\" style=\"align-self: center;margin-left: auto;margin-right: auto;margin-top:12px;margin-bottom:12px;width:100%;\"><\/div><div class=\"fusion-text fusion-text-9\"><h3>Risiken und medizinische Kontroversen<\/h3>\n<p>Das Coimbraprotokoll wird in der Fachwelt \u00e4u\u00dferst kontrovers diskutiert. W\u00e4hrend Bef\u00fcrwortende von individuellen Erfolgen berichten, warnen medizinische Fachgesellschaften und Institutionen wie die Arzneimittelkommission der deutschen \u00c4rzteschaft (Akd\u00c4) vor den erheblichen gesundheitlichen Gefahren einer unkontrollierten Hochdosis-Therapie.<\/p>\n<p>Die gr\u00f6\u00dften Risiken umfassen:<\/p>\n<ul>\n<li><strong>Hyperkalz\u00e4mie:<\/strong> Ein lebensbedrohlich erh\u00f6hter Kalziumspiegel im Blut, der zu Herzrhythmusst\u00f6rungen, \u00dcbelkeit, Verwirrtheit und im schlimmsten Fall zum Koma f\u00fchren kann.<\/li>\n<li><strong>Nierensch\u00e4den:<\/strong> Die exzessive Ausscheidung von Kalzium kann zu Nierensteinen und dauerhaftem Nierenversagen f\u00fchren.<\/li>\n<li><strong>Beeintr\u00e4chtigung des Krankheitsverlaufs:<\/strong> Wenn etablierte Therapien zugunsten des Protokolls abgesetzt werden, besteht das Risiko eines schweren Schubes oder einer irreversiblen Verschlechterung.<\/li>\n<\/ul>\n<p>Ausdr\u00fccklich nicht empfohlen wird das Protokoll f\u00fcr Patient:innen mit vorbestehenden Nierenerkrankungen, St\u00f6rungen des Kalziumstoffwechsels (z. B. Hyperparathyreoidismus) oder w\u00e4hrend der Schwangerschaft ohne engste spezialisierte Begleitung. Eine \u201eSelbsttherapie\u201c nach diesem Schema ist aufgrund der Toxizit\u00e4tsgefahr bei \u00dcberdosierung strikt abzulehnen.<\/p>\n<\/div><\/div><style type=\"text\/css\">.fusion-body .fusion-builder-column-5{width:100% !important;margin-top : 0px;margin-bottom : 20px;}.fusion-builder-column-5 > .fusion-column-wrapper {padding-top : 0px !important;padding-right : 0px !important;margin-right : 1.92%;padding-bottom : 0px !important;padding-left : 0px !important;margin-left : 1.92%;}@media only screen and (max-width:1024px) {.fusion-body .fusion-builder-column-5{width:100% !important;order : 0;}.fusion-builder-column-5 > .fusion-column-wrapper {margin-right : 1.92%;margin-left : 1.92%;}}@media only screen and (max-width:640px) {.fusion-body .fusion-builder-column-5{width:100% !important;order : 0;}.fusion-builder-column-5 > .fusion-column-wrapper {margin-right : 1.92%;margin-left : 1.92%;}}<\/style><\/div><div class=\"fusion-layout-column fusion_builder_column fusion-builder-column-6 fusion_builder_column_1_1 1_1 fusion-flex-column\"><div class=\"fusion-column-wrapper fusion-flex-justify-content-flex-start fusion-content-layout-column\" style=\"background-position:left top;background-repeat:no-repeat;-webkit-background-size:cover;-moz-background-size:cover;-o-background-size:cover;background-size:cover;padding: 0px 0px 0px 0px;\"><div class=\"fusion-text fusion-text-10\"><div id=\"wissenschaftliche-beweise\">\n<h2>Gibt es wissenschaftliche Beweise?<\/h2>\n<\/div>\n<p>F\u00fcr viele Menschen mit Multipler Sklerose ist das Coimbraprotokoll mit Hoffnungen verbunden. Einzelne Erfahrungsberichte legen nahe, dass es m\u00f6glicherweise zu einer Stabilisierung der Erkrankung und einer Linderung von Symptomen beitragen k\u00f6nnte.<\/p>\n<p>Bislang fehlen jedoch umfassende wissenschaftliche Studien, die die Wirksamkeit des Coimbraprotokolls nach strengen medizinischen Kriterien best\u00e4tigen. Obwohl es <strong>positive Fallberichte gibt<\/strong>, reichen diese nicht aus, um das Protokoll als gesicherte Behandlungsmethode auszuweisen. Laufende Studien, wie die an der Charit\u00e9 in Berlin, sollen Klarheit dar\u00fcber bringen, ob das Protokoll sicher und effektiv ist. Das Ziel dieser Studien ist es, die Sicherheit und Wirksamkeit des Protokolls unter kontrollierten Bedingungen zu untersuchen und zu bewerten, ob ein klinischer Nutzen f\u00fcr die Patient:innen nachweisbar ist.<\/p>\n<p>Eine aktuelle Studie (<a href=\"https:\/\/jamanetwork.com\/journals\/jama\/fullarticle\/2831270\">JAMA, 2025<\/a>) zeigt, dass hochdosiertes Vitamin D3 bei Patient:innen mit einem klinisch isolierten Syndrom (CIS) oder fr\u00fcher schubf\u00f6rmig-remittierender MS (relapsing-remitting MS, RRMS) die Krankheitsaktivit\u00e4t im Vergleich zu einer Standarddosis reduzieren kann. Wichtig ist jedoch: Die dort verwendeten Dosen (ca. 100.000 IE alle zwei Wochen) liegen weit unter den exzessiven Tagesdosen des Coimbraprotokolls und wurden unter kontrollierten Studienbedingungen verabreicht. Die Ergebnisse weisen auf m\u00f6gliche Effekte von Vitamin D hin, lassen jedoch keine R\u00fcckschl\u00fcsse auf die Sicherheit oder Wirksamkeit des Coimbraprotokolls zu.<\/p>\n<\/div><div class=\"fusion-text fusion-text-11\"><div id=\"kosten-coimbraprotokoll\">\n<h2>Wer tr\u00e4gt die Kosten f\u00fcr das Coimbraprotokoll?<\/h2>\n<\/div>\n<p>Eine weitere wichtige Frage ist: Wer \u00fcbernimmt die Kosten f\u00fcr diese Therapie? Da das Coimbraprotokoll nicht als Standardbehandlung anerkannt ist, \u00fcbernehmen die gesetzlichen Krankenkassen die Kosten nicht. Personen mit MS, die dieser Therapie eine Chance geben wollen, m\u00fcssen daher <strong>die finanzielle Belastung selbst tragen<\/strong> oder alternativ <strong>an einer Studie teilnehmen<\/strong>.<\/p>\n<\/div><\/div><style type=\"text\/css\">.fusion-body .fusion-builder-column-6{width:100% !important;margin-top : 0px;margin-bottom : 20px;}.fusion-builder-column-6 > .fusion-column-wrapper {padding-top : 0px !important;padding-right : 0px !important;margin-right : 1.92%;padding-bottom : 0px !important;padding-left : 0px !important;margin-left : 1.92%;}@media only screen and (max-width:1024px) {.fusion-body .fusion-builder-column-6{width:100% !important;order : 0;}.fusion-builder-column-6 > .fusion-column-wrapper {margin-right : 1.92%;margin-left : 1.92%;}}@media only screen and (max-width:640px) {.fusion-body .fusion-builder-column-6{width:100% !important;order : 0;}.fusion-builder-column-6 > .fusion-column-wrapper {margin-right : 1.92%;margin-left : 1.92%;}}<\/style><\/div><\/div><style type=\"text\/css\">.fusion-body .fusion-flex-container.fusion-builder-row-6{ padding-top : 0px;margin-top : 0px;padding-right : 0px;padding-bottom : 0px;margin-bottom : 0px;padding-left : 0px;}<\/style><\/div><div class=\"fusion-fullwidth fullwidth-box fusion-builder-row-7 fusion-flex-container nonhundred-percent-fullwidth non-hundred-percent-height-scrolling\" style=\"background-color: rgba(255,255,255,0);background-position: center center;background-repeat: no-repeat;border-width: 0px 0px 0px 0px;border-color:#e2e2e2;border-style:solid;\" ><div class=\"fusion-builder-row fusion-row fusion-flex-align-items-flex-start\" style=\"max-width:1248px;margin-left: calc(-4% \/ 2 );margin-right: calc(-4% \/ 2 );\"><div class=\"fusion-layout-column fusion_builder_column fusion-builder-column-7 fusion_builder_column_1_1 1_1 fusion-flex-column\"><div class=\"fusion-column-wrapper fusion-flex-justify-content-flex-start fusion-content-layout-column\" style=\"background-position:left top;background-repeat:no-repeat;-webkit-background-size:cover;-moz-background-size:cover;-o-background-size:cover;background-size:cover;padding: 0px 0px 0px 0px;\"><div class=\"fusion-text fusion-text-12\"><div id=\"haeufige-fragen-coimbraprotokoll\">\n<h2>H\u00e4ufige Fragen zum Coimbraprotokoll<\/h2>\n<\/div>\n<\/div><style type=\"text\/css\">#accordion-19576-1 .fusion-panel:hover, #accordion-19576-1 .fusion-panel.hover{ background-color: #eefbff } #accordion-19576-1 .fusion-panel { border-color:#e2e2e2; border-width:0px; background-color:#f2f2f7; }.fusion-accordian  #accordion-19576-1 .panel-title a .fa-fusion-box{ color: #01063f;}.fusion-accordian  #accordion-19576-1 .panel-title a .fa-fusion-box:before{ font-size: 16px; width: 16px;}.fusion-accordian  #accordion-19576-1.fusion-toggle-icon-right .fusion-toggle-heading{ margin-right: 34px;}.fusion-accordian  #accordion-19576-1 .panel-title a{font-size:18px;}.fusion-accordian  #accordion-19576-1 .panel-title a:hover, #accordion-19576-1 .fusion-toggle-boxed-mode:hover .panel-title a { color: #003399;}.fusion-accordian  #accordion-19576-1 .fusion-toggle-boxed-mode:hover .panel-title a .fa-fusion-box{ color: #003399;}.fusion-accordian  #accordion-19576-1.fusion-toggle-icon-unboxed .fusion-panel .panel-title a:hover .fa-fusion-box{ color: #003399 !important;}<\/style><div class=\"accordian fusion-accordian\"><div class=\"panel-group fusion-toggle-icon-right fusion-toggle-icon-unboxed\" id=\"accordion-19576-1\"><div class=\"fusion-panel panel-default fusion-toggle-no-divider fusion-toggle-boxed-mode\"><div class=\"panel-heading\"><h4 class=\"panel-title toggle\"><a aria-expanded=\"false\" aria-controls=\"fa63f0a9e9a67afe1\" role=\"button\" data-toggle=\"collapse\" data-target=\"#fa63f0a9e9a67afe1\" href=\"#fa63f0a9e9a67afe1\"><span class=\"fusion-toggle-icon-wrapper\" aria-hidden=\"true\"><i class=\"fa-fusion-box\" aria-hidden=\"true\"><\/i><\/span><span class=\"fusion-toggle-heading\">Welche Rolle spielt die Genetik bei der Entscheidung f\u00fcr das Coimbraprotokoll?<\/span><\/a><\/h4><\/div><div id=\"fa63f0a9e9a67afe1\" class=\"panel-collapse collapse \"><div class=\"panel-body toggle-content fusion-clearfix\">Das Coimbraprotokoll geht von einer individuell unterschiedlichen Vitamin-D-Verwertung aus, bei der genetische Faktoren eine Rolle spielen k\u00f6nnen. Eine m\u00f6glicherweise verminderte Wirkung von Vitamin D soll mit sehr hohen Dosierungen ausgeglichen werden. Bislang wurden hierf\u00fcr keine standardisierten Gentests etabliert.<\/div><\/div><\/div><div class=\"fusion-panel panel-default fusion-toggle-no-divider fusion-toggle-boxed-mode\"><div class=\"panel-heading\"><h4 class=\"panel-title toggle\"><a aria-expanded=\"false\" aria-controls=\"789437164b86d5cbd\" role=\"button\" data-toggle=\"collapse\" data-target=\"#789437164b86d5cbd\" href=\"#789437164b86d5cbd\"><span class=\"fusion-toggle-icon-wrapper\" aria-hidden=\"true\"><i class=\"fa-fusion-box\" aria-hidden=\"true\"><\/i><\/span><span class=\"fusion-toggle-heading\">Wie unterscheidet sich die Vitamin-D-Dosis im Coimbraprotokoll von offiziellen Empfehlungen?<\/span><\/a><\/h4><\/div><div id=\"789437164b86d5cbd\" class=\"panel-collapse collapse \"><div class=\"panel-body toggle-content fusion-clearfix\">\n<p>Die im Protokoll verwendeten Dosen (oft \u00fcber 100.000 IE t\u00e4glich) \u00fcberschreiten die von Fachgesellschaften empfohlenen H\u00f6chstmengen um das Hundertfache. W\u00e4hrend moderate Dosen zur Knochengesundheit beitragen, bergen diese extremen Mengen ein hohes Risiko f\u00fcr akute Vergiftungserscheinungen.<\/p>\n<\/div><\/div><\/div><div class=\"fusion-panel panel-default fusion-toggle-no-divider fusion-toggle-boxed-mode\"><div class=\"panel-heading\"><h4 class=\"panel-title toggle\"><a aria-expanded=\"false\" aria-controls=\"dd30c023dae8d2666\" role=\"button\" data-toggle=\"collapse\" data-target=\"#dd30c023dae8d2666\" href=\"#dd30c023dae8d2666\"><span class=\"fusion-toggle-icon-wrapper\" aria-hidden=\"true\"><i class=\"fa-fusion-box\" aria-hidden=\"true\"><\/i><\/span><span class=\"fusion-toggle-heading\">Was ist der Unterschied zwischen dem Coimbraprotokoll und einer Standard-Vitamin-D-Supplementierung?<\/span><\/a><\/h4><\/div><div id=\"dd30c023dae8d2666\" class=\"panel-collapse collapse \"><div class=\"panel-body toggle-content fusion-clearfix\">\n<p>W\u00e4hrend eine Standard-Supplementierung lediglich einen Mangel ausgleicht, versteht sich das Coimbraprotokoll als eigenst\u00e4ndige, hochdosierte Immuntherapie. Da es jedoch keine anerkannte Standardtherapie ist, ersetzt es nach Ansicht von Fachgesellschaften keinesfalls die evidenzbasierte verlaufsmodifizierende MS-Therapie.<\/p>\n<\/div><\/div><\/div><div class=\"fusion-panel panel-default fusion-toggle-no-divider fusion-toggle-boxed-mode\"><div class=\"panel-heading\"><h4 class=\"panel-title toggle\"><a aria-expanded=\"false\" aria-controls=\"cad4978394f2bd872\" role=\"button\" data-toggle=\"collapse\" data-target=\"#cad4978394f2bd872\" href=\"#cad4978394f2bd872\"><span class=\"fusion-toggle-icon-wrapper\" aria-hidden=\"true\"><i class=\"fa-fusion-box\" aria-hidden=\"true\"><\/i><\/span><span class=\"fusion-toggle-heading\">Welche Laborkontrollen sind bei einer Hochdosis-Vitamin-D-Therapie unerl\u00e4sslich?<\/span><\/a><\/h4><\/div><div id=\"cad4978394f2bd872\" class=\"panel-collapse collapse \"><div class=\"panel-body toggle-content fusion-clearfix\">\n<p>Neben dem Vitamin-D-Spiegel (25-OH-D3) m\u00fcssen vor allem der Kalziumspiegel im Blut und Urin sowie die Nierenwerte (Kreatinin, GFR) in sehr kurzen Abst\u00e4nden kontrolliert werden. Nur so lassen sich schleichende Nierensch\u00e4den oder eine beginnende Hyperkalz\u00e4mie fr\u00fchzeitig erkennen und lebensgef\u00e4hrliche Komplikationen verhindern.<\/p>\n<\/div><\/div><\/div><\/div><\/div><div class=\"fusion-text fusion-text-13\"><p style=\"font-size: 14px; line-height: 1.55; color: #636366; margin: 0;\"><em><strong>Haftungsausschluss:<\/strong> Die hier bereitgestellten Informationen dienen der allgemeinen Aufkl\u00e4rung und k\u00f6nnen eine individuelle \u00e4rztliche Beratung nicht ersetzen. Die apo.com Group \u00fcbernimmt keine Haftung f\u00fcr Sch\u00e4den, die aus der Anwendung der beschriebenen Methoden resultieren.<\/em><\/p>\n<\/div><\/div><style type=\"text\/css\">.fusion-body .fusion-builder-column-7{width:100% !important;margin-top : 0px;margin-bottom : 20px;}.fusion-builder-column-7 > .fusion-column-wrapper {padding-top : 0px !important;padding-right : 0px !important;margin-right : 1.92%;padding-bottom : 0px !important;padding-left : 0px !important;margin-left : 1.92%;}@media only screen and (max-width:1024px) {.fusion-body .fusion-builder-column-7{width:100% !important;order : 0;}.fusion-builder-column-7 > .fusion-column-wrapper {margin-right : 1.92%;margin-left : 1.92%;}}@media only screen and (max-width:640px) {.fusion-body .fusion-builder-column-7{width:100% !important;order : 0;}.fusion-builder-column-7 > .fusion-column-wrapper {margin-right : 1.92%;margin-left : 1.92%;}}<\/style><\/div><\/div><style type=\"text\/css\">.fusion-body .fusion-flex-container.fusion-builder-row-7{ padding-top : 0px;margin-top : 0px;padding-right : 0px;padding-bottom : 0px;margin-bottom : 0px;padding-left : 0px;}<\/style><\/div><div class=\"fusion-fullwidth fullwidth-box fusion-builder-row-8 fusion-flex-container nonhundred-percent-fullwidth non-hundred-percent-height-scrolling\" style=\"background-color: rgba(255,255,255,0);background-position: center center;background-repeat: no-repeat;border-width: 0px 0px 0px 0px;border-color:#e2e2e2;border-style:solid;\" ><div class=\"fusion-builder-row fusion-row fusion-flex-align-items-flex-start\" style=\"max-width:1248px;margin-left: calc(-4% \/ 2 );margin-right: calc(-4% \/ 2 );\"><div class=\"fusion-layout-column fusion_builder_column fusion-builder-column-8 fusion_builder_column_1_1 1_1 fusion-flex-column\"><div class=\"fusion-column-wrapper fusion-flex-justify-content-flex-start fusion-content-layout-column\" style=\"background-position:left top;background-repeat:no-repeat;-webkit-background-size:cover;-moz-background-size:cover;-o-background-size:cover;background-size:cover;padding: 0px 0px 0px 0px;\"><style type=\"text\/css\">.fusion-accordian  #accordion-19576-2 .panel-title a .fa-fusion-box{ color: #ffffff;}.fusion-accordian  #accordion-19576-2 .panel-title a .fa-fusion-box:before{ font-size: 16px; width: 16px;}.fusion-accordian  #accordion-19576-2 .panel-title a{font-size:28px;}.fusion-accordian  #accordion-19576-2 .fa-fusion-box { background-color: #212934;border-color: #212934;}.fusion-accordian  #accordion-19576-2 .panel-title a:hover, #accordion-19576-2 .fusion-toggle-boxed-mode:hover .panel-title a { color: #65bc7b;}.fusion-accordian  #accordion-19576-2 .panel-title .active .fa-fusion-box,.fusion-accordian  #accordion-19576-2 .panel-title a:hover .fa-fusion-box { background-color: #65bc7b!important;border-color: #65bc7b!important;}<\/style><div class=\"accordian fusion-accordian\"><div class=\"panel-group\" id=\"accordion-19576-2\"><div class=\"fusion-panel panel-default\"><div class=\"panel-heading\"><h4 class=\"panel-title toggle\"><a aria-expanded=\"false\" aria-controls=\"815cd4e507cf4f01e\" role=\"button\" data-toggle=\"collapse\" data-parent=\"#accordion-19576-2\" data-target=\"#815cd4e507cf4f01e\" href=\"#815cd4e507cf4f01e\"><span class=\"fusion-toggle-icon-wrapper\" aria-hidden=\"true\"><i class=\"fa-fusion-box\" aria-hidden=\"true\"><\/i><\/span><span class=\"fusion-toggle-heading\">Quellen<\/span><\/a><\/h4><\/div><div id=\"815cd4e507cf4f01e\" class=\"panel-collapse collapse \"><div class=\"panel-body toggle-content fusion-clearfix\">\n<ul>\n<li>Arzneimittelkommission der deutschen \u00c4rzteschaft (Akd\u00c4). Warnung vor exzessiven Vitamin-D-Dosen. <a href=\"https:\/\/www.bundesaerztekammer.de\">https:\/\/www.bundesaerztekammer.de<\/a> (Abgerufen am 31. M\u00e4rz 2026)<\/li>\n<li>Deutsche Multiple Sklerose Gesellschaft (DMSG). Stellungnahme zum Coimbra-Protokoll. <a href=\"https:\/\/www.dmsg.de\">https:\/\/www.dmsg.de<\/a> (Abgerufen am 31. M\u00e4rz 2026)<\/li>\n<li>Thouvenot et al. (2025). High-Dose Vitamin D in Clinically Isolated Syndrome and Early RRMS. JAMA. <a href=\"https:\/\/jamanetwork.com\/journals\/jama\/fullarticle\/2831270\">https:\/\/jamanetwork.com\/journals\/jama\/fullarticle\/2831270<\/a><\/li>\n<li>Kompetenznetz Multiple Sklerose (KKNMS). Vitamin D bei MS. <a href=\"http:\/\/www.kompetenznetz-multiplesklerose.de\">http:\/\/www.kompetenznetz-multiplesklerose.de<\/a> (Abgerufen am 31. M\u00e4rz 2026)<\/li>\n<\/ul>\n<\/div><\/div><\/div><\/div><\/div><\/div><style type=\"text\/css\">.fusion-body .fusion-builder-column-8{width:100% !important;margin-top : 0px;margin-bottom : 20px;}.fusion-builder-column-8 > .fusion-column-wrapper {padding-top : 0px !important;padding-right : 0px !important;margin-right : 1.92%;padding-bottom : 0px !important;padding-left : 0px !important;margin-left : 1.92%;}@media only screen and (max-width:1024px) {.fusion-body .fusion-builder-column-8{width:100% !important;order : 0;}.fusion-builder-column-8 > .fusion-column-wrapper {margin-right : 1.92%;margin-left : 1.92%;}}@media only screen and (max-width:640px) {.fusion-body .fusion-builder-column-8{width:100% !important;order : 0;}.fusion-builder-column-8 > .fusion-column-wrapper {margin-right : 1.92%;margin-left : 1.92%;}}<\/style><\/div><\/div><style type=\"text\/css\">.fusion-body .fusion-flex-container.fusion-builder-row-8{ padding-top : 0px;margin-top : 0px;padding-right : 0px;padding-bottom : 0px;margin-bottom : 0px;padding-left : 0px;}<\/style><\/div><div class=\"fusion-fullwidth fullwidth-box fusion-builder-row-9 fusion-flex-container nonhundred-percent-fullwidth non-hundred-percent-height-scrolling\" style=\"background-color: rgba(255,255,255,0);background-position: center center;background-repeat: no-repeat;border-width: 0px 0px 0px 0px;border-color:#e2e2e2;border-style:solid;\" ><div class=\"fusion-builder-row fusion-row fusion-flex-align-items-flex-start\" style=\"max-width:1248px;margin-left: calc(-4% \/ 2 );margin-right: calc(-4% \/ 2 );\"><div class=\"fusion-layout-column fusion_builder_column fusion-builder-column-9 fusion_builder_column_1_1 1_1 fusion-flex-column\"><div class=\"fusion-column-wrapper fusion-flex-justify-content-flex-start fusion-content-layout-column\" style=\"background-position:left top;background-repeat:no-repeat;-webkit-background-size:cover;-moz-background-size:cover;-o-background-size:cover;background-size:cover;padding: 0px 0px 0px 0px;\"><div class=\"fusion-text fusion-text-14\"><h3><b><span data-contrast=\"auto\">Gepr\u00fcft durch unser pharmazeutisches Team<\/span><\/b><\/h3>\n<\/div><\/div><style type=\"text\/css\">.fusion-body .fusion-builder-column-9{width:100% !important;margin-top : 0px;margin-bottom : 20px;}.fusion-builder-column-9 > .fusion-column-wrapper {padding-top : 0px !important;padding-right : 0px !important;margin-right : 1.92%;padding-bottom : 0px !important;padding-left : 0px !important;margin-left : 1.92%;}@media only screen and (max-width:1024px) {.fusion-body .fusion-builder-column-9{width:100% !important;order : 0;}.fusion-builder-column-9 > .fusion-column-wrapper {margin-right : 1.92%;margin-left : 1.92%;}}@media only screen and (max-width:640px) {.fusion-body .fusion-builder-column-9{width:100% !important;order : 0;}.fusion-builder-column-9 > .fusion-column-wrapper {margin-right : 1.92%;margin-left : 1.92%;}}<\/style><\/div><div class=\"fusion-layout-column fusion_builder_column fusion-builder-column-10 fusion_builder_column_1_3 1_3 fusion-flex-column\"><div class=\"fusion-column-wrapper fusion-flex-justify-content-flex-start fusion-content-layout-column\" style=\"background-position:left top;background-repeat:no-repeat;-webkit-background-size:cover;-moz-background-size:cover;-o-background-size:cover;background-size:cover;padding: 0px 0px 0px 0px;\"><div ><span class=\" fusion-imageframe imageframe-none imageframe-1 hover-type-none\"><img decoding=\"async\" width=\"300\" height=\"300\" alt=\"Felix Hoffman, pharmazeutischer Experte\" title=\"Felix Hoffman\" src=\"https:\/\/www.apo.com/magazin\/wp-content\/uploads\/2024\/05\/51-300x300.jpg\" class=\"img-responsive wp-image-19286\" srcset=\"https:\/\/www.apo.com/magazin\/wp-content\/uploads\/2024\/05\/51-200x200.jpg 200w, https:\/\/www.apo.com/magazin\/wp-content\/uploads\/2024\/05\/51-400x400.jpg 400w, https:\/\/www.apo.com/magazin\/wp-content\/uploads\/2024\/05\/51-600x600.jpg 600w, https:\/\/www.apo.com/magazin\/wp-content\/uploads\/2024\/05\/51-800x800.jpg 800w, https:\/\/www.apo.com/magazin\/wp-content\/uploads\/2024\/05\/51.jpg 1200w\" sizes=\"(max-width: 640px) 100vw, 400px\" \/><\/span><\/div><\/div><style type=\"text\/css\">.fusion-body .fusion-builder-column-10{width:33.333333333333% !important;margin-top : 0px;margin-bottom : 20px;}.fusion-builder-column-10 > .fusion-column-wrapper {padding-top : 0px !important;padding-right : 0px !important;margin-right : 5.76%;padding-bottom : 0px !important;padding-left : 0px !important;margin-left : 5.76%;}@media only screen and (max-width:1024px) {.fusion-body .fusion-builder-column-10{width:33.333333333333% !important;order : 0;}.fusion-builder-column-10 > .fusion-column-wrapper {margin-right : 5.76%;margin-left : 5.76%;}}@media only screen and (max-width:640px) {.fusion-body .fusion-builder-column-10{width:100% !important;order : 0;}.fusion-builder-column-10 > .fusion-column-wrapper {margin-right : 1.92%;margin-left : 1.92%;}}<\/style><\/div><div class=\"fusion-layout-column fusion_builder_column fusion-builder-column-11 fusion_builder_column_2_3 2_3 fusion-flex-column\"><div class=\"fusion-column-wrapper fusion-flex-justify-content-flex-start fusion-content-layout-column\" style=\"background-position:left top;background-repeat:no-repeat;-webkit-background-size:cover;-moz-background-size:cover;-o-background-size:cover;background-size:cover;padding: 0px 0px 0px 0px;\"><div class=\"fusion-text fusion-text-15\"><p><i><span data-contrast=\"auto\">\u201eAn der Pharmazie fasziniert mich am meisten, wie alles zusammenspielt. Von Zusammenh\u00e4ngen im Stoffwechsel hin zur Einnahme von Medikamenten. Wer sich damit auskennt, kann sein Leben positiv beeinflussen.\u201c<\/span><\/i><span data-ccp-props=\"{\">\u00a0<\/span><\/p>\n<p><a href=\"https:\/\/de.linkedin.com\/in\/hoffmannfelix90\"><b><span data-contrast=\"none\">Felix Hoffmann<\/span><\/b><\/a> <span data-contrast=\"auto\">lebt f\u00fcr die Pharmazie und bringt eine gro\u00dfe Expertise in der Beratung mit. Mit seinem fundierten Wissen garantiert er die hohen Qualit\u00e4tsstandards der pharmazeutischen Inhalte auf <\/span><a href=\"https:\/\/www.apo.com\/\"><span data-contrast=\"none\">apo.com<\/span><\/a><span data-contrast=\"auto\">.<\/span><span data-ccp-props=\"{\">\u00a0<\/span><\/p>\n<\/div><\/div><style type=\"text\/css\">.fusion-body .fusion-builder-column-11{width:66.666666666667% !important;margin-top : 0px;margin-bottom : 20px;}.fusion-builder-column-11 > .fusion-column-wrapper {padding-top : 0px !important;padding-right : 0px !important;margin-right : 2.88%;padding-bottom : 0px !important;padding-left : 0px !important;margin-left : 2.88%;}@media only screen and (max-width:1024px) {.fusion-body .fusion-builder-column-11{width:66.666666666667% !important;order : 0;}.fusion-builder-column-11 > .fusion-column-wrapper {margin-right : 2.88%;margin-left : 2.88%;}}@media only screen and (max-width:640px) {.fusion-body .fusion-builder-column-11{width:100% !important;order : 0;}.fusion-builder-column-11 > .fusion-column-wrapper {margin-right : 1.92%;margin-left : 1.92%;}}<\/style><\/div><div class=\"fusion-layout-column fusion_builder_column fusion-builder-column-12 fusion_builder_column_1_1 1_1 fusion-flex-column\"><div class=\"fusion-column-wrapper fusion-flex-justify-content-flex-start fusion-content-layout-column\" style=\"background-position:left top;background-repeat:no-repeat;-webkit-background-size:cover;-moz-background-size:cover;-o-background-size:cover;background-size:cover;padding: 0px 0px 0px 0px;\"><div class=\"fusion-separator fusion-full-width-sep\" style=\"align-self: center;margin-left: auto;margin-right: auto;margin-top:12px;width:100%;\"><\/div><div class=\"fusion-text fusion-text-16\"><p><span data-contrast=\"auto\"><strong>Wichtiger Hinweis:<\/strong> Unsere Artikel und Grafiken werden von unserem Expertenteam aus Apotheker:innen \u00fcberpr\u00fcft. Grundlage sind stets seri\u00f6se Quellen, wissenschaftliche Artikel, Leitlinien und \u00e4rztliche Aussagen. Die Inhalte werden in regelm\u00e4\u00dfigen Abst\u00e4nden aktualisiert und dienen weder der Selbstdiagnose noch ersetzen sie einen Arztbesuch.<\/span><span data-ccp-props=\"{&quot;134233117&quot;:true,&quot;134233118&quot;:true,&quot;201341983&quot;:0,&quot;335559739&quot;:160,&quot;335559740&quot;:240}\">\u00a0<\/span><\/p>\n<\/div><\/div><style type=\"text\/css\">.fusion-body .fusion-builder-column-12{width:100% !important;margin-top : 0px;margin-bottom : 20px;}.fusion-builder-column-12 > .fusion-column-wrapper {padding-top : 0px !important;padding-right : 0px !important;margin-right : 1.92%;padding-bottom : 0px !important;padding-left : 0px !important;margin-left : 1.92%;}@media only screen and (max-width:1024px) {.fusion-body .fusion-builder-column-12{width:100% !important;order : 0;}.fusion-builder-column-12 > .fusion-column-wrapper {margin-right : 1.92%;margin-left : 1.92%;}}@media only screen and (max-width:640px) {.fusion-body .fusion-builder-column-12{width:100% !important;order : 0;}.fusion-builder-column-12 > .fusion-column-wrapper {margin-right : 1.92%;margin-left : 1.92%;}}<\/style><\/div><\/div><style type=\"text\/css\">.fusion-body .fusion-flex-container.fusion-builder-row-9{ padding-top : 0px;margin-top : 0px;padding-right : 0px;padding-bottom : 0px;margin-bottom : 0px;padding-left : 0px;}<\/style><\/div>\n<\/p>\n","protected":false},"excerpt":{"rendered":"","protected":false},"author":50,"featured_media":20290,"parent":15143,"menu_order":0,"template":"","meta":{"_lmt_disableupdate":"no","_lmt_disable":"","footnotes":""},"categories":[69],"class_list":["post-19576","ratgeber","type-ratgeber","status-publish","has-post-thumbnail","hentry","category-multiple-sklerose"],"yoast_head":"<!-- This site is optimized with the Yoast SEO plugin v28.4 - https:\/\/yoast.com\/product\/yoast-seo-wordpress\/ -->\n<title>Coimbraprotokoll bei Multipler Sklerose: Vitamin D Therapie<\/title>\n<meta name=\"description\" content=\"Der Einsatz von hochdosiertem Vitamin D wird als Therapie von Multipler Sklerose aktuell diskutiert. Lesen Sie mehr zum aktuellen Stand.\" \/>\n<meta name=\"robots\" content=\"index, follow, max-snippet:-1, max-image-preview:large, max-video-preview:-1\" \/>\n<link rel=\"canonical\" href=\"https:\/\/www.apo.com/magazin\/multiple-sklerose\/therapie\/coimbraprotokoll\" \/>\n<meta property=\"og:locale\" content=\"de_DE\" \/>\n<meta property=\"og:type\" content=\"article\" \/>\n<meta property=\"og:title\" content=\"Coimbraprotokoll bei Multipler Sklerose: Vitamin D Therapie\" \/>\n<meta property=\"og:description\" content=\"Der Einsatz von hochdosiertem Vitamin D wird als Therapie von Multipler Sklerose aktuell diskutiert. Lesen Sie mehr zum aktuellen Stand.\" \/>\n<meta property=\"og:url\" content=\"https:\/\/www.apo.com/magazin\/multiple-sklerose\/therapie\/coimbraprotokoll\" \/>\n<meta property=\"og:site_name\" content=\"apo.com Magazin\" \/>\n<meta property=\"article:modified_time\" content=\"2026-08-10T19:24:29+00:00\" \/>\n<meta property=\"og:image\" content=\"https:\/\/www.apo.com/magazin\/wp-content\/uploads\/2024\/09\/MD-49109_magazinbilder_kw36_ms_titelbild_coimbraprotokoll.jpg\" \/>\n\t<meta property=\"og:image:width\" content=\"1280\" \/>\n\t<meta property=\"og:image:height\" content=\"400\" \/>\n\t<meta property=\"og:image:type\" content=\"image\/jpeg\" \/>\n<meta name=\"twitter:card\" content=\"summary_large_image\" \/>\n<meta name=\"twitter:label1\" content=\"Gesch\u00e4tzte Lesezeit\" \/>\n\t<meta name=\"twitter:data1\" content=\"9\u00a0Minuten\" \/>\n<script type=\"application\/ld+json\" class=\"yoast-schema-graph\">{\"@context\":\"https:\\\/\\\/schema.org\",\"@graph\":[{\"@type\":\"Article\",\"@id\":\"https:\\\/\\\/www.apo.com/magazin\\\/multiple-sklerose\\\/therapie\\\/coimbraprotokoll#article\",\"isPartOf\":{\"@id\":\"https:\\\/\\\/www.apo.com/magazin\\\/multiple-sklerose\\\/therapie\\\/coimbraprotokoll\"},\"author\":{\"name\":\"Dr. Maja Sukalo\",\"@id\":\"https:\\\/\\\/www.apo.com/magazin\\\/#\\\/schema\\\/person\\\/d618aad6d88165e994309db96c869866\"},\"headline\":\"Das Coimbraprotokoll bei Multipler Sklerose\",\"datePublished\":\"2024-09-13T07:20:16+00:00\",\"dateModified\":\"2026-08-10T19:24:29+00:00\",\"mainEntityOfPage\":{\"@id\":\"https:\\\/\\\/www.apo.com/magazin\\\/multiple-sklerose\\\/therapie\\\/coimbraprotokoll\"},\"wordCount\":6793,\"publisher\":{\"@id\":\"https:\\\/\\\/www.apo.com/magazin\\\/#organization\"},\"image\":{\"@id\":\"https:\\\/\\\/www.apo.com/magazin\\\/multiple-sklerose\\\/therapie\\\/coimbraprotokoll#primaryimage\"},\"thumbnailUrl\":\"https:\\\/\\\/www.apo.com/magazin\\\/wp-content\\\/uploads\\\/2024\\\/09\\\/MD-49109_magazinbilder_kw36_ms_titelbild_coimbraprotokoll.jpg\",\"articleSection\":[\"Multiple Sklerose\"],\"inLanguage\":\"de\"},{\"@type\":\"WebPage\",\"@id\":\"https:\\\/\\\/www.apo.com/magazin\\\/multiple-sklerose\\\/therapie\\\/coimbraprotokoll\",\"url\":\"https:\\\/\\\/www.apo.com/magazin\\\/multiple-sklerose\\\/therapie\\\/coimbraprotokoll\",\"name\":\"Coimbraprotokoll bei Multipler Sklerose: Vitamin D Therapie\",\"isPartOf\":{\"@id\":\"https:\\\/\\\/www.apo.com/magazin\\\/#website\"},\"primaryImageOfPage\":{\"@id\":\"https:\\\/\\\/www.apo.com/magazin\\\/multiple-sklerose\\\/therapie\\\/coimbraprotokoll#primaryimage\"},\"image\":{\"@id\":\"https:\\\/\\\/www.apo.com/magazin\\\/multiple-sklerose\\\/therapie\\\/coimbraprotokoll#primaryimage\"},\"thumbnailUrl\":\"https:\\\/\\\/www.apo.com/magazin\\\/wp-content\\\/uploads\\\/2024\\\/09\\\/MD-49109_magazinbilder_kw36_ms_titelbild_coimbraprotokoll.jpg\",\"datePublished\":\"2024-09-13T07:20:16+00:00\",\"dateModified\":\"2026-08-10T19:24:29+00:00\",\"description\":\"Der Einsatz von hochdosiertem Vitamin D wird als Therapie von Multipler Sklerose aktuell diskutiert. Lesen Sie mehr zum aktuellen Stand.\",\"breadcrumb\":{\"@id\":\"https:\\\/\\\/www.apo.com/magazin\\\/multiple-sklerose\\\/therapie\\\/coimbraprotokoll#breadcrumb\"},\"inLanguage\":\"de\",\"potentialAction\":[{\"@type\":\"ReadAction\",\"target\":[\"https:\\\/\\\/www.apo.com/magazin\\\/multiple-sklerose\\\/therapie\\\/coimbraprotokoll\"]}]},{\"@type\":\"ImageObject\",\"inLanguage\":\"de\",\"@id\":\"https:\\\/\\\/www.apo.com/magazin\\\/multiple-sklerose\\\/therapie\\\/coimbraprotokoll#primaryimage\",\"url\":\"https:\\\/\\\/www.apo.com/magazin\\\/wp-content\\\/uploads\\\/2024\\\/09\\\/MD-49109_magazinbilder_kw36_ms_titelbild_coimbraprotokoll.jpg\",\"contentUrl\":\"https:\\\/\\\/www.apo.com/magazin\\\/wp-content\\\/uploads\\\/2024\\\/09\\\/MD-49109_magazinbilder_kw36_ms_titelbild_coimbraprotokoll.jpg\",\"width\":1280,\"height\":400,\"caption\":\"Coimbraprotokoll\"},{\"@type\":\"BreadcrumbList\",\"@id\":\"https:\\\/\\\/www.apo.com/magazin\\\/multiple-sklerose\\\/therapie\\\/coimbraprotokoll#breadcrumb\",\"itemListElement\":[{\"@type\":\"ListItem\",\"position\":1,\"name\":\"Startseite\",\"item\":\"https:\\\/\\\/www.apo.com/magazin\\\/\"},{\"@type\":\"ListItem\",\"position\":2,\"name\":\"Multiple Sklerose: Ursachen, Symptome, Diagnose und Behandlung\",\"item\":\"https:\\\/\\\/www.apo.com/magazin\\\/multiple-sklerose\"},{\"@type\":\"ListItem\",\"position\":3,\"name\":\"Therapie und Behandlung bei Multipler Sklerose\",\"item\":\"https:\\\/\\\/www.apo.com/magazin\\\/multiple-sklerose\\\/therapie\"},{\"@type\":\"ListItem\",\"position\":4,\"name\":\"Das Coimbraprotokoll bei Multipler Sklerose\"}]},{\"@type\":\"WebSite\",\"@id\":\"https:\\\/\\\/www.apo.com/magazin\\\/#website\",\"url\":\"https:\\\/\\\/www.apo.com/magazin\\\/\",\"name\":\"apo.com Magazin\",\"description\":\"\",\"publisher\":{\"@id\":\"https:\\\/\\\/www.apo.com/magazin\\\/#organization\"},\"potentialAction\":[{\"@type\":\"SearchAction\",\"target\":{\"@type\":\"EntryPoint\",\"urlTemplate\":\"https:\\\/\\\/www.apo.com/magazin\\\/?s={search_term_string}\"},\"query-input\":{\"@type\":\"PropertyValueSpecification\",\"valueRequired\":true,\"valueName\":\"search_term_string\"}}],\"inLanguage\":\"de\"},{\"@type\":\"Organization\",\"@id\":\"https:\\\/\\\/www.apo.com/magazin\\\/#organization\",\"name\":\"apo.com\",\"url\":\"https:\\\/\\\/www.apo.com/magazin\\\/\",\"logo\":{\"@type\":\"ImageObject\",\"inLanguage\":\"de\",\"@id\":\"https:\\\/\\\/www.apo.com/magazin\\\/#\\\/schema\\\/logo\\\/image\\\/\",\"url\":\"\",\"contentUrl\":\"\",\"caption\":\"apo.com\"},\"image\":{\"@id\":\"https:\\\/\\\/www.apo.com/magazin\\\/#\\\/schema\\\/logo\\\/image\\\/\"}},{\"@type\":\"Person\",\"@id\":\"https:\\\/\\\/www.apo.com/magazin\\\/#\\\/schema\\\/person\\\/d618aad6d88165e994309db96c869866\",\"name\":\"Dr. Maja Sukalo\",\"image\":{\"@type\":\"ImageObject\",\"inLanguage\":\"de\",\"@id\":\"https:\\\/\\\/secure.gravatar.com\\\/avatar\\\/b025be63bbfb98b248a031c40097e9b8fabf677c3e4a1a1a69ac2d53f5ddde7d?s=96&d=mm&r=g\",\"url\":\"https:\\\/\\\/secure.gravatar.com\\\/avatar\\\/b025be63bbfb98b248a031c40097e9b8fabf677c3e4a1a1a69ac2d53f5ddde7d?s=96&d=mm&r=g\",\"contentUrl\":\"https:\\\/\\\/secure.gravatar.com\\\/avatar\\\/b025be63bbfb98b248a031c40097e9b8fabf677c3e4a1a1a69ac2d53f5ddde7d?s=96&d=mm&r=g\",\"caption\":\"Dr. Maja Sukalo\"},\"url\":\"https:\\\/\\\/www.apo.com/magazin\\\/author\\\/maja-sukalo\"}]}<\/script>\n<!-- \/ Yoast SEO plugin. -->","yoast_head_json":{"title":"Coimbraprotokoll bei Multipler Sklerose: Vitamin D Therapie","description":"Der Einsatz von hochdosiertem Vitamin D wird als Therapie von Multipler Sklerose aktuell diskutiert. Lesen Sie mehr zum aktuellen Stand.","robots":{"index":"index","follow":"follow","max-snippet":"max-snippet:-1","max-image-preview":"max-image-preview:large","max-video-preview":"max-video-preview:-1"},"canonical":"https:\/\/www.apo.com/magazin\/multiple-sklerose\/therapie\/coimbraprotokoll","og_locale":"de_DE","og_type":"article","og_title":"Coimbraprotokoll bei Multipler Sklerose: Vitamin D Therapie","og_description":"Der Einsatz von hochdosiertem Vitamin D wird als Therapie von Multipler Sklerose aktuell diskutiert. Lesen Sie mehr zum aktuellen Stand.","og_url":"https:\/\/www.apo.com/magazin\/multiple-sklerose\/therapie\/coimbraprotokoll","og_site_name":"apo.com Magazin","article_modified_time":"2026-08-10T19:24:29+00:00","og_image":[{"width":1280,"height":400,"url":"https:\/\/www.apo.com/magazin\/wp-content\/uploads\/2024\/09\/MD-49109_magazinbilder_kw36_ms_titelbild_coimbraprotokoll.jpg","type":"image\/jpeg"}],"twitter_card":"summary_large_image","twitter_misc":{"Gesch\u00e4tzte Lesezeit":"9\u00a0Minuten"},"schema":{"@context":"https:\/\/schema.org","@graph":[{"@type":"Article","@id":"https:\/\/www.apo.com/magazin\/multiple-sklerose\/therapie\/coimbraprotokoll#article","isPartOf":{"@id":"https:\/\/www.apo.com/magazin\/multiple-sklerose\/therapie\/coimbraprotokoll"},"author":{"name":"Dr. Maja Sukalo","@id":"https:\/\/www.apo.com/magazin\/#\/schema\/person\/d618aad6d88165e994309db96c869866"},"headline":"Das Coimbraprotokoll bei Multipler Sklerose","datePublished":"2024-09-13T07:20:16+00:00","dateModified":"2026-08-10T19:24:29+00:00","mainEntityOfPage":{"@id":"https:\/\/www.apo.com/magazin\/multiple-sklerose\/therapie\/coimbraprotokoll"},"wordCount":6793,"publisher":{"@id":"https:\/\/www.apo.com/magazin\/#organization"},"image":{"@id":"https:\/\/www.apo.com/magazin\/multiple-sklerose\/therapie\/coimbraprotokoll#primaryimage"},"thumbnailUrl":"https:\/\/www.apo.com/magazin\/wp-content\/uploads\/2024\/09\/MD-49109_magazinbilder_kw36_ms_titelbild_coimbraprotokoll.jpg","articleSection":["Multiple Sklerose"],"inLanguage":"de"},{"@type":"WebPage","@id":"https:\/\/www.apo.com/magazin\/multiple-sklerose\/therapie\/coimbraprotokoll","url":"https:\/\/www.apo.com/magazin\/multiple-sklerose\/therapie\/coimbraprotokoll","name":"Coimbraprotokoll bei Multipler Sklerose: Vitamin D Therapie","isPartOf":{"@id":"https:\/\/www.apo.com/magazin\/#website"},"primaryImageOfPage":{"@id":"https:\/\/www.apo.com/magazin\/multiple-sklerose\/therapie\/coimbraprotokoll#primaryimage"},"image":{"@id":"https:\/\/www.apo.com/magazin\/multiple-sklerose\/therapie\/coimbraprotokoll#primaryimage"},"thumbnailUrl":"https:\/\/www.apo.com/magazin\/wp-content\/uploads\/2024\/09\/MD-49109_magazinbilder_kw36_ms_titelbild_coimbraprotokoll.jpg","datePublished":"2024-09-13T07:20:16+00:00","dateModified":"2026-08-10T19:24:29+00:00","description":"Der Einsatz von hochdosiertem Vitamin D wird als Therapie von Multipler Sklerose aktuell diskutiert. Lesen Sie mehr zum aktuellen Stand.","breadcrumb":{"@id":"https:\/\/www.apo.com/magazin\/multiple-sklerose\/therapie\/coimbraprotokoll#breadcrumb"},"inLanguage":"de","potentialAction":[{"@type":"ReadAction","target":["https:\/\/www.apo.com/magazin\/multiple-sklerose\/therapie\/coimbraprotokoll"]}]},{"@type":"ImageObject","inLanguage":"de","@id":"https:\/\/www.apo.com/magazin\/multiple-sklerose\/therapie\/coimbraprotokoll#primaryimage","url":"https:\/\/www.apo.com/magazin\/wp-content\/uploads\/2024\/09\/MD-49109_magazinbilder_kw36_ms_titelbild_coimbraprotokoll.jpg","contentUrl":"https:\/\/www.apo.com/magazin\/wp-content\/uploads\/2024\/09\/MD-49109_magazinbilder_kw36_ms_titelbild_coimbraprotokoll.jpg","width":1280,"height":400,"caption":"Coimbraprotokoll"},{"@type":"BreadcrumbList","@id":"https:\/\/www.apo.com/magazin\/multiple-sklerose\/therapie\/coimbraprotokoll#breadcrumb","itemListElement":[{"@type":"ListItem","position":1,"name":"Startseite","item":"https:\/\/www.apo.com/magazin\/"},{"@type":"ListItem","position":2,"name":"Multiple Sklerose: Ursachen, Symptome, Diagnose und Behandlung","item":"https:\/\/www.apo.com/magazin\/multiple-sklerose"},{"@type":"ListItem","position":3,"name":"Therapie und Behandlung bei Multipler Sklerose","item":"https:\/\/www.apo.com/magazin\/multiple-sklerose\/therapie"},{"@type":"ListItem","position":4,"name":"Das Coimbraprotokoll bei Multipler Sklerose"}]},{"@type":"WebSite","@id":"https:\/\/www.apo.com/magazin\/#website","url":"https:\/\/www.apo.com/magazin\/","name":"apo.com Magazin","description":"","publisher":{"@id":"https:\/\/www.apo.com/magazin\/#organization"},"potentialAction":[{"@type":"SearchAction","target":{"@type":"EntryPoint","urlTemplate":"https:\/\/www.apo.com/magazin\/?s={search_term_string}"},"query-input":{"@type":"PropertyValueSpecification","valueRequired":true,"valueName":"search_term_string"}}],"inLanguage":"de"},{"@type":"Organization","@id":"https:\/\/www.apo.com/magazin\/#organization","name":"apo.com","url":"https:\/\/www.apo.com/magazin\/","logo":{"@type":"ImageObject","inLanguage":"de","@id":"https:\/\/www.apo.com/magazin\/#\/schema\/logo\/image\/","url":"","contentUrl":"","caption":"apo.com"},"image":{"@id":"https:\/\/www.apo.com/magazin\/#\/schema\/logo\/image\/"}},{"@type":"Person","@id":"https:\/\/www.apo.com/magazin\/#\/schema\/person\/d618aad6d88165e994309db96c869866","name":"Dr. Maja Sukalo","image":{"@type":"ImageObject","inLanguage":"de","@id":"https:\/\/secure.gravatar.com\/avatar\/b025be63bbfb98b248a031c40097e9b8fabf677c3e4a1a1a69ac2d53f5ddde7d?s=96&d=mm&r=g","url":"https:\/\/secure.gravatar.com\/avatar\/b025be63bbfb98b248a031c40097e9b8fabf677c3e4a1a1a69ac2d53f5ddde7d?s=96&d=mm&r=g","contentUrl":"https:\/\/secure.gravatar.com\/avatar\/b025be63bbfb98b248a031c40097e9b8fabf677c3e4a1a1a69ac2d53f5ddde7d?s=96&d=mm&r=g","caption":"Dr. Maja Sukalo"},"url":"https:\/\/www.apo.com/magazin\/author\/maja-sukalo"}]}},"fimg_url":"https:\/\/www.apo.com/magazin\/wp-content\/uploads\/2024\/09\/MD-49109_magazinbilder_kw36_ms_titelbild_coimbraprotokoll.jpg","toolset-meta":{"aktuelles":{"pznnumber":{"type":"numeric","raw":""}},"teaserimage":{"teaser_image":{"type":"image","raw":"https:\/\/www.apo.com/magazin\/wp-content\/uploads\/2024\/09\/MD-49109_magazinbilder_kw36_ms_teaser_coimbraprotokoll.jpg","attachment_id":20292}},"sidebar-ergaenzungen":{"freie-verweise":{"type":"url","raw":""},"podcast":{"type":"post","raw":0}},"feldgruppe-fuer-ratgeber-2":[],"feldgruppe-fuer-ratgeber":[],"uberschrift":{"alternative-uberschrift":{"type":"textfield","raw":""}},"pzn-settings":[],"banner":{"landingpage-url":{"type":"url","raw":""},"banner-image":{"type":"image","raw":"","attachment_id":null},"call-to-action":{"type":"textfield","raw":""}}},"_links":{"self":[{"href":"https:\/\/www.apo.com/magazin\/wp-json\/wp\/v2\/ratgeber\/19576","targetHints":{"allow":["GET"]}}],"collection":[{"href":"https:\/\/www.apo.com/magazin\/wp-json\/wp\/v2\/ratgeber"}],"about":[{"href":"https:\/\/www.apo.com/magazin\/wp-json\/wp\/v2\/types\/ratgeber"}],"author":[{"embeddable":true,"href":"https:\/\/www.apo.com/magazin\/wp-json\/wp\/v2\/users\/50"}],"version-history":[{"count":11,"href":"https:\/\/www.apo.com/magazin\/wp-json\/wp\/v2\/ratgeber\/19576\/revisions"}],"predecessor-version":[{"id":20987,"href":"https:\/\/www.apo.com/magazin\/wp-json\/wp\/v2\/ratgeber\/19576\/revisions\/20987"}],"up":[{"embeddable":true,"href":"https:\/\/www.apo.com/magazin\/wp-json\/wp\/v2\/ratgeber\/15143"}],"wp:featuredmedia":[{"embeddable":true,"href":"https:\/\/www.apo.com/magazin\/wp-json\/wp\/v2\/media\/20290"}],"wp:attachment":[{"href":"https:\/\/www.apo.com/magazin\/wp-json\/wp\/v2\/media?parent=19576"}],"wp:term":[{"taxonomy":"category","embeddable":true,"href":"https:\/\/www.apo.com/magazin\/wp-json\/wp\/v2\/categories?post=19576"}],"curies":[{"name":"wp","href":"https:\/\/api.w.org\/{rel}","templated":true}]}}